{"id":849,"date":"2020-12-13T13:47:42","date_gmt":"2020-12-13T12:47:42","guid":{"rendered":"http:\/\/www.noemiwaysfeld.com\/?post_type=portfolio&#038;p=849"},"modified":"2023-08-09T18:47:36","modified_gmt":"2023-08-09T16:47:36","slug":"soul-of-yiddish","status":"publish","type":"portfolio","link":"https:\/\/www.noemiwaysfeld.com\/?portfolio=soul-of-yiddish","title":{"rendered":"Soul Of Yiddish &#8211; world \/ classique"},"content":{"rendered":"<div  style='padding-bottom:10px; ' class='av-special-heading av-special-heading-h2    avia-builder-el-0  el_before_av_one_half  avia-builder-el-first  '><h2 class='av-special-heading-tag '  itemprop=\"headline\"  >Soul Of Yiddish<\/h2><div class='special-heading-border'><div class='special-heading-inner-border' ><\/div><\/div><\/div>\n<div class=\"flex_column av_one_half  flex_column_div av-zero-column-padding first  avia-builder-el-1  el_after_av_heading  el_before_av_one_half  \" style='border-radius:0px; '><section class=\"av_textblock_section \"  itemscope=\"itemscope\" itemtype=\"https:\/\/schema.org\/CreativeWork\" ><div class='avia_textblock  '   itemprop=\"text\" ><p><em>Un \u00e9clairage moderne, emprunt de sensualit\u00e9 et de spiritualit\u00e9 de la chanson yiddish.<\/em><\/p>\n<p><strong>Un spectacle in\u00e9dit qui donne un \u00e9clairage moderne, emprunt de sensualit\u00e9 et <\/strong><strong>de spiritualit\u00e9, \u00e0 la musique yiddish.<\/strong><\/p>\n<p>&#8220;Soul Of Yiddish illumine les tr\u00e9sors des chants yiddish, dans une r\u00eaverie libre, solaire et min\u00e9rale. Ce voyage musical est une qu\u00eate d&#8217;affranchissement, une sortie du labyrinthe guid\u00e9s par le Paon Dor\u00e9, symbole de libert\u00e9.<\/p>\n<p><strong>Des chansons yiddish traditionnelles et originales<\/strong><\/p>\n<p>\u00ab Les chansons yiddish entendues depuis toujours, comme une transmission au-del\u00e0 des mots, je les entends, les connais, les chante. Je navigue sans cesse entre musique populaire et musique savante, sans percevoir de fronti\u00e8res r\u00e9elles entre ces musiques, tentant de percer les codes des unes et des autres pour mieux les faire se rencontrer. Pour moi, chanter en yiddish entour\u00e9e par des musiciens classiques est devenu une \u00e9vidence. Soul Of Yiddish donne \u00e0 entendre parmi les plus belles chansons yiddish, ainsi que des compositions originales sur les po\u00e8mes de Rivka Kop\u00e9, dont l\u2019\u00e9criture est puissamment habit\u00e9e, et enfin quelques chants liturgiques &#8211; sous l\u2019\u0153il bienveillant de Delphine Horvilleur. La langue yiddish rec\u00e8le des tr\u00e9sors de po\u00e9sie, de fantaisie et de m\u00e9tissage. Soul Of Yiddish est une esquisse de ces images l\u00e0 color\u00e9es, comme le Paon dor\u00e9 f\u00e9\u00e9rique qui accompagne notre voyage imaginaire.<\/p>\n<\/div><\/section><\/div><div class=\"flex_column av_one_half  flex_column_div av-zero-column-padding   avia-builder-el-3  el_after_av_one_half  el_before_av_textblock  \" style='border-radius:0px; '><div  class='avia-image-container  av-styling-    avia-builder-el-4  avia-builder-el-no-sibling  avia-align-center '  itemprop=\"image\" itemscope=\"itemscope\" itemtype=\"https:\/\/schema.org\/ImageObject\"  ><div class='avia-image-container-inner'><div class='avia-image-overlay-wrap'><img class='wp-image-529 avia-img-lazy-loading-not-529 avia_image' src=\"https:\/\/www.noemiwaysfeld.com\/wp-content\/uploads\/2020\/12\/SOY-Noemi_Waysfeld-Couverture-Num-1030x943.jpg\" alt='' title='SOY-Noemi_Waysfeld-Couverture-Num' height=\"943\" width=\"1030\"  itemprop=\"thumbnailUrl\" srcset=\"https:\/\/www.noemiwaysfeld.com\/wp-content\/uploads\/2020\/12\/SOY-Noemi_Waysfeld-Couverture-Num-1030x943.jpg 1030w, https:\/\/www.noemiwaysfeld.com\/wp-content\/uploads\/2020\/12\/SOY-Noemi_Waysfeld-Couverture-Num-300x275.jpg 300w, https:\/\/www.noemiwaysfeld.com\/wp-content\/uploads\/2020\/12\/SOY-Noemi_Waysfeld-Couverture-Num-768x703.jpg 768w, https:\/\/www.noemiwaysfeld.com\/wp-content\/uploads\/2020\/12\/SOY-Noemi_Waysfeld-Couverture-Num-1536x1406.jpg 1536w, https:\/\/www.noemiwaysfeld.com\/wp-content\/uploads\/2020\/12\/SOY-Noemi_Waysfeld-Couverture-Num-1500x1373.jpg 1500w, https:\/\/www.noemiwaysfeld.com\/wp-content\/uploads\/2020\/12\/SOY-Noemi_Waysfeld-Couverture-Num-705x645.jpg 705w, https:\/\/www.noemiwaysfeld.com\/wp-content\/uploads\/2020\/12\/SOY-Noemi_Waysfeld-Couverture-Num.jpg 1637w\" sizes=\"(max-width: 1030px) 100vw, 1030px\" \/><\/div><\/div><\/div><\/div><\/p>\n<section class=\"av_textblock_section \"  itemscope=\"itemscope\" itemtype=\"https:\/\/schema.org\/CreativeWork\" ><div class='avia_textblock  '   itemprop=\"text\" ><p>Le Paon dor\u00e9 est porteur de symboles dans de nombreuses cultures : d\u2019immortalit\u00e9 dans l\u2019iconographie chr\u00e9tienne, d\u2019identit\u00e9 de la Birmanie, de paix dans la culture chinoise, de fertilit\u00e9 dans la culture indienne, animal pr\u00e9f\u00e9r\u00e9 de la d\u00e9esse grecque Junon, le Paon dor\u00e9 est devenu un symbole de r\u00eave, de bonheur et de beaut\u00e9 dans la po\u00e9sie juive d\u2019Europe de l\u2019Est, un messager de la culture yiddish. Dans ce voyage, il symbolise<br \/>\nnotre libert\u00e9.<br \/>\nLes arrangements et compositions du guitariste Kevin Seddiki r\u00e9v\u00e8lent l\u2019universalit\u00e9 de cet univers, et en permettent une \u00e9coute naturelle.&#8221;<\/p>\n<\/div><\/section>\n<div id=\"av_player-0\" class=\"av-player av-player-container   avia-builder-el-6  el_after_av_textblock  el_before_av_one_third  first avia-playerstyle-classic avia-playlist-hide-cover\" ><div class=\"av-player-player-container\"><!--[if lt IE 9]><script>document.createElement('audio');<\/script><![endif]-->\n\t<div class=\"wp-playlist wp-audio-playlist wp-playlist-light\">\n\t\t<div class=\"wp-playlist-current-item\"><\/div>\n\t\t<audio controls=\"controls\" preload=\"none\" width=\"\n\t\t\t\t1478\t\"\n\t\t><\/audio>\n\t<div class=\"wp-playlist-next\"><\/div>\n\t<div class=\"wp-playlist-prev\"><\/div>\n\t<noscript>\n\t<ol>\n\t<li><a href='https:\/\/www.noemiwaysfeld.com\/wp-content\/uploads\/2020\/12\/Mit-farmakhte-oygn.mp3'><img width=\"80\" height=\"80\" src=\"https:\/\/www.noemiwaysfeld.com\/wp-content\/uploads\/2020\/12\/SOY-Noemi_Waysfeld-Couverture-Num-80x80.jpg\" class=\"avia-img-lazy-loading-532 attachment-thumbnail size-thumbnail\" alt=\"\" loading=\"lazy\" \/><\/a><\/li>\t<\/ol>\n\t<\/noscript>\n\t<script type=\"application\/json\" class=\"wp-playlist-script\">{\"type\":\"audio\",\"tracklist\":true,\"tracknumbers\":true,\"images\":true,\"artists\":true,\"tracks\":[{\"src\":\"https:\\\/\\\/www.noemiwaysfeld.com\\\/wp-content\\\/uploads\\\/2020\\\/12\\\/Mit-farmakhte-oygn.mp3\",\"type\":\"audio\\\/mpeg\",\"title\":\"01 - Mit farmakhte oygn\",\"caption\":\"\",\"description\":\"<i>NOe\\u0308MI WAYSFELD - Soul Of Yiddish - 01 - Mit farmakhte oygn - FRPIY2000010-88k-24b<\\\/i>.\",\"meta\":{\"length_formatted\":\"3:44\"},\"image\":{\"src\":\"https:\\\/\\\/www.noemiwaysfeld.com\\\/wp-content\\\/uploads\\\/2020\\\/12\\\/SOY-Noemi_Waysfeld-Couverture-Num-80x80.jpg\",\"width\":48,\"height\":64},\"thumb\":{\"src\":\"https:\\\/\\\/www.noemiwaysfeld.com\\\/wp-content\\\/uploads\\\/2020\\\/12\\\/SOY-Noemi_Waysfeld-Couverture-Num-80x80.jpg\",\"width\":48,\"height\":64}}]}<\/script>\n<\/div>\n\t<\/div><\/div>\n<div class=\"flex_column av_one_third  flex_column_div av-zero-column-padding first  avia-builder-el-7  el_after_av_player  el_before_av_one_third  \" style='border-radius:0px; '><div  class='avia-video avia-video-16-9   av-lazyload-immediate  av-lazyload-video-embed  '   itemprop=\"video\" itemtype=\"https:\/\/schema.org\/VideoObject\"  data-original_url='https:\/\/youtu.be\/rJeRVPfY1O4' ><script type='text\/html' class='av-video-tmpl'><div class='avia-iframe-wrap'><iframe title=\"No\u00ebmi Waysfeld - Soul Of Yiddish - Mit Farmakhte Oygn [Clip Officiel]\" width=\"1500\" height=\"844\" src=\"https:\/\/www.youtube.com\/embed\/rJeRVPfY1O4?feature=oembed&autoplay=0&loop=0&controls=1&mute=0\" frameborder=\"0\" allow=\"accelerometer; autoplay; clipboard-write; encrypted-media; gyroscope; picture-in-picture\" allowfullscreen><\/iframe><\/div><\/script><div class='av-click-to-play-overlay'><div class=\"avia_playpause_icon\"><\/div><\/div><\/div><\/div>\n<div class=\"flex_column av_one_third  flex_column_div av-zero-column-padding   avia-builder-el-9  el_after_av_one_third  el_before_av_one_third  \" style='border-radius:0px; '><div  class='avia-video avia-video-16-9   av-lazyload-immediate  av-lazyload-video-embed  '   itemprop=\"video\" itemtype=\"https:\/\/schema.org\/VideoObject\"  data-original_url='https:\/\/youtu.be\/hStybACg7LU' ><script type='text\/html' class='av-video-tmpl'><div class='avia-iframe-wrap'><iframe title=\"No\u00ebmi Waysfeld - Soul Of Yiddish - Autoportrait 2 [Clip Officiel]\" width=\"1500\" height=\"844\" src=\"https:\/\/www.youtube.com\/embed\/hStybACg7LU?feature=oembed&autoplay=0&loop=0&controls=1&mute=0\" frameborder=\"0\" allow=\"accelerometer; autoplay; clipboard-write; encrypted-media; gyroscope; picture-in-picture\" allowfullscreen><\/iframe><\/div><\/script><div class='av-click-to-play-overlay'><div class=\"avia_playpause_icon\"><\/div><\/div><\/div><\/div>\n<div class=\"flex_column av_one_third  flex_column_div av-zero-column-padding   avia-builder-el-11  el_after_av_one_third  el_before_av_section  avia-builder-el-last  \" style='border-radius:0px; '><div  class='avia-video avia-video-16-9   av-lazyload-immediate  av-lazyload-video-embed  '   itemprop=\"video\" itemtype=\"https:\/\/schema.org\/VideoObject\"  data-original_url='https:\/\/youtu.be\/3zoYEm5x_iw' ><script type='text\/html' class='av-video-tmpl'><div class='avia-iframe-wrap'><iframe title=\"No\u00ebmi Waysfeld &amp; Ga\u00eblle Solal - \u00c0 Peine\" width=\"1500\" height=\"844\" src=\"https:\/\/www.youtube.com\/embed\/3zoYEm5x_iw?feature=oembed&autoplay=0&loop=0&controls=1&mute=0\" frameborder=\"0\" allow=\"accelerometer; autoplay; clipboard-write; encrypted-media; gyroscope; picture-in-picture\" allowfullscreen><\/iframe><\/div><\/script><div class='av-click-to-play-overlay'><div class=\"avia_playpause_icon\"><\/div><\/div><\/div><\/div>\n<\/div><\/div><\/div><!-- close content main div --><\/div><\/div><div id='av_section_1'  class='avia-section alternate_color avia-section-default avia-no-border-styling  avia-bg-style-scroll  avia-builder-el-13  el_after_av_one_third  el_before_av_one_full   container_wrap fullsize' style=' '  ><div class='container' ><div class='template-page content  av-content-full alpha units'><div class='post-entry post-entry-type-page post-entry-849'><div class='entry-content-wrapper clearfix'>\n<section class=\"av_textblock_section \"  itemscope=\"itemscope\" itemtype=\"https:\/\/schema.org\/CreativeWork\" ><div class='avia_textblock  '   itemprop=\"text\" ><p><strong>DISTRIBUTION<\/strong><br \/>\nEn tourn\u00e9e :<br \/>\nNo\u00ebmi Waysfeld &#8211; chant<br \/>\nSarah Nemtanu &#8211; violon<br \/>\nKevin Seddiki en alternance avec J\u00e9r\u00f4me Brajtman &#8211; guitare<br \/>\nAntoine Rozenbaum &#8211; contrebasse<\/p>\n<p>Album :<br \/>\nNo\u00ebmi Waysfeld &#8211; chant<br \/>\nSarah Nemtanu &#8211; violon<br \/>\nKevin Seddiki &#8211; guitare<br \/>\nAntoine Rozenbaum &#8211; contrebasse<\/p>\n<\/div><\/section>\n<\/div><\/div><\/div><!-- close content main div --><\/div><\/div><div id='after_section_1'  class='main_color av_default_container_wrap container_wrap fullsize' style=' '  ><div class='container' ><div class='template-page content  av-content-full alpha units'><div class='post-entry post-entry-type-page post-entry-849'><div class='entry-content-wrapper clearfix'>\n<div class=\"flex_column av_one_full  flex_column_div av-zero-column-padding first  avia-builder-el-15  el_after_av_section  avia-builder-el-no-sibling  \" style='border-radius:0px; '><section class=\"av_textblock_section \"  itemscope=\"itemscope\" itemtype=\"https:\/\/schema.org\/CreativeWork\" ><div class='avia_textblock  '   itemprop=\"text\" ><p>RIVKA KOPE \u2013 Il faut raconter qui elle \u00e9tait, afin de lui rendre hommage.<br \/>\nRebecca Gendla Szlufman est n\u00e9e le 2 Janvier 1908 \u00e0 Varsovie en Pologne.<br \/>\nElle \u00e9pouse Israel Koplewicz etle rejoint \u00e0 Paris en 1931 \u00e0 24 ans. De cette union na\u00eetra Fanny, leur fille.<br \/>\nRivka commence \u00e0 \u00e9crire en 1939 dans la presse yiddish parisienne,des r\u00e9cits ou des nouvelles.<br \/>\nSon premier livre de po\u00e9sies paraitra en 1951 \u00abtoy fun shtilkeyt \u00bb (la ros\u00e9e du silence) recueil de po\u00e8mes \u00e9crit d\u00e8s 1946. Nouvelliste,essayiste et po\u00e9tesse, elle \u00e9crit r\u00e9guli\u00e8rement apr\u00e8s-<br \/>\nguerre dans les journaux \u00bbUnzer wort\u00bb \u00ab Kiyoum \u00bb ,\u00ab Tsukunft&#8221; et d\u2019autres p\u00e9riodiques.<br \/>\nFigure embl\u00e9matique de la litt\u00e9rature yiddish d\u2019apr\u00e8s-guerre \u00e0 Paris ,elle d\u00e9veloppera une \u00e9criture riche, empreinte de finesse et de rythme, jouant des sons, des couleurs et des sens, restant aujourd\u2019hui d\u2019une grande modernit\u00e9.<br \/>\nFid\u00e8le du centre MEDEM, Rivka Kop\u00e9 se r\u00e9unissait avec son cercle d\u2019amis artistes, Benn, Devi Tuszynski , Ch.Korenchandler et leurs contemporains,\u00e9changeant sur la litt\u00e9rature, la vie, et se racontant avec humour \u00ab des histoires \u00bb&#8230;<br \/>\nReconnue de son vivant aux Etats Unis,au Canada,en Afrique du sud ,en Israel entre autres<br \/>\n,salu\u00e9e par ses pairs et laur\u00e9ate des prix :<br \/>\n-Elue membre de \u00ab The international Academy of poets \u00bb 1984(Cambridge,England)<br \/>\n-Prix de l\u2019association des \u00e9crivains et journalistes juifs de France 1985<br \/>\n-Prix Idel Korman 1990<br \/>\nElle a deux petites filles Nadine et Arielle qui veillent au respect de son oeuvre.<\/p>\n<\/div><\/section><\/div>\n","protected":false},"excerpt":{"rendered":"","protected":false},"featured_media":875,"comment_status":"open","ping_status":"closed","template":"","tags":[],"portfolio_entries":[20],"_links":{"self":[{"href":"https:\/\/www.noemiwaysfeld.com\/index.php?rest_route=\/wp\/v2\/portfolio\/849"}],"collection":[{"href":"https:\/\/www.noemiwaysfeld.com\/index.php?rest_route=\/wp\/v2\/portfolio"}],"about":[{"href":"https:\/\/www.noemiwaysfeld.com\/index.php?rest_route=\/wp\/v2\/types\/portfolio"}],"replies":[{"embeddable":true,"href":"https:\/\/www.noemiwaysfeld.com\/index.php?rest_route=%2Fwp%2Fv2%2Fcomments&post=849"}],"version-history":[{"count":26,"href":"https:\/\/www.noemiwaysfeld.com\/index.php?rest_route=\/wp\/v2\/portfolio\/849\/revisions"}],"predecessor-version":[{"id":1308,"href":"https:\/\/www.noemiwaysfeld.com\/index.php?rest_route=\/wp\/v2\/portfolio\/849\/revisions\/1308"}],"wp:featuredmedia":[{"embeddable":true,"href":"https:\/\/www.noemiwaysfeld.com\/index.php?rest_route=\/wp\/v2\/media\/875"}],"wp:attachment":[{"href":"https:\/\/www.noemiwaysfeld.com\/index.php?rest_route=%2Fwp%2Fv2%2Fmedia&parent=849"}],"wp:term":[{"taxonomy":"post_tag","embeddable":true,"href":"https:\/\/www.noemiwaysfeld.com\/index.php?rest_route=%2Fwp%2Fv2%2Ftags&post=849"},{"taxonomy":"portfolio_entries","embeddable":true,"href":"https:\/\/www.noemiwaysfeld.com\/index.php?rest_route=%2Fwp%2Fv2%2Fportfolio_entries&post=849"}],"curies":[{"name":"wp","href":"https:\/\/api.w.org\/{rel}","templated":true}]}}